{"id":3928,"date":"2022-05-06T08:19:21","date_gmt":"2022-05-06T08:19:21","guid":{"rendered":"http:\/\/bursa3radom.pl\/?page_id=3928"},"modified":"2022-05-06T08:19:21","modified_gmt":"2022-05-06T08:19:21","slug":"polityka-prywatnosci","status":"publish","type":"page","link":"https:\/\/bursa3radom.pl\/?page_id=3928","title":{"rendered":"Polityka prywatno\u015bci"},"content":{"rendered":"\n<h2 class=\"wp-block-heading\">Kim jeste\u015bmy<\/h2>\n\n\n\n<p> Administratorem danych jest <strong>Bursa Szkolna Nr 3 w Radomiu, <\/strong><br>ul. \u015aniadeckich 5 , 26-600 Radom<br> telefon 48 364 11 64 <br>email: \u00a0poczta@bs3.radom.pl<\/p>\n\n\n\n<p><strong> <\/strong><\/p>\n\n\n\n<p><\/p>\n\n\n\n<h2 class=\"wp-block-heading\">Jakie dane osobiste zbieramy i dlaczego je zbieramy<\/h2>\n\n\n\n<p>Twoje dane zbieramy wy\u0142\u0105cznie w celach zwi\u0105zanych\nze \u015bwiadczeniem us\u0142ug opieku\u0144czo-wychowawczo-edukacyjnych. Podstaw\u0105 naszego\ndzia\u0142ania jest ustawa o systemie o\u015bwiaty, ustawa prawo o\u015bwiatowe, ustawa o\nsystemie informacji o\u015bwiatowej, ustawa o finansowaniu zada\u0144 o\u015bwiatowych, Karta\nNauczyciela oraz akty wykonawczych do ww. ustaw. Prosimy Ci\u0119 o podanie tylko\ntakiego zakresu danych, jaki wynika z tych przepis\u00f3w. Twoje dane pozyskali\u015bmy\nna etapie rekrutacji do szko\u0142y. Dzia\u0142amy w tym przypadku w celu wype\u0142nienia\nobowi\u0105zku prawnego, kt\u00f3ry na nas spoczywa.<\/p>\n\n\n\n<p>Je\u017celi wyrazisz zgod\u0119 na&nbsp; przetwarzanie danych dotycz\u0105cych Twojego\nwizerunku, podstaw\u0105 naszego dzia\u0142ania b\u0119dzie tak\u017ce Twoja zgoda. Pami\u0119taj, \u017ce\nzawsze mo\u017cesz odwo\u0142a\u0107 wydan\u0105 nam zgod\u0119.<\/p>\n\n\n\n<p><\/p>\n\n\n\n<h3 class=\"wp-block-heading\">Osadzone tre\u015bci z innych witryn<\/h3>\n\n\n\n<p>Artyku\u0142y na tej witrynie mog\u0105 zawiera\u0107 osadzone tre\u015bci (np. filmy, obrazki, artyku\u0142y itp.). Osadzone tre\u015bci z innych witryn zachowuj\u0105 si\u0119 analogicznie do tego, jakby u\u017cytkownik odwiedzi\u0142 bezpo\u015brednio konkretn\u0105 witryn\u0119.<\/p>\n\n\n\n<p>Witryny mog\u0105 zbiera\u0107 informacje o tobie, u\u017cywa\u0107 ciasteczek, do\u0142\u0105cza\u0107 dodatkowe, zewn\u0119trzne systemy \u015bledzenia i monitorowa\u0107 twoje interakcje z osadzonym materia\u0142em, w\u0142\u0105czaj\u0105c w to \u015bledzenie twoich interakcji z osadzonym materia\u0142em je\u015bli posiadasz konto i jeste\u015b zalogowany w tamtej witrynie.<\/p>\n\n\n\n<h2 class=\"wp-block-heading\">Z kim dzielimy si\u0119 danymi<\/h2>\n\n\n\n<p>Nie b\u0119dziemy przekazywa\u0107 Twoich danych poza Polsk\u0119, ale mo\u017cemy\nudost\u0119pni\u0107 je &nbsp;naszemu organowi prowadz\u0105cemu\nUrz\u0119dowi Miasta w Radomiu, Poradni Psychologiczno-Pedagogicznej, towarzystwu\nubezpieczeniowemu, &nbsp;do Zintegrowanego Systemu\nZarz\u0105dzania O\u015bwiat\u0105 (ZSZO), Systemu Informacji O\u015bwiatowej (SIO), O\u015brodk\u00f3w\nPomocy Spo\u0142ecznej (MOPS\/GOPS), r\u00f3wnie\u017c gabinetowi medycyny szkolnej, wydawnictwom\nszkolnym (testy diagnostyczne) i innym podmiotom, kt\u00f3re wspieraj\u0105 nas w\nwykonywaniu naszych zada\u0144. Dzia\u0142amy w tym przypadku w celu wype\u0142nienia\nobowi\u0105zku prawnego, kt\u00f3ry na nas spoczywa.<\/p>\n\n\n\n<p><\/p>\n\n\n\n<h2 class=\"wp-block-heading\">Jak d\u0142ugo przechowujemy twoje dane<\/h2>\n\n\n\n<p>W trosce o bezpiecze\u0144stwo zasob\u00f3w szko\u0142y informujemy Ci\u0119, \u017ce b\u0119dziemy monitorowa\u0107\njej siedzib\u0119 z poszanowaniem Twojej ochrony do prywatno\u015bci. W tym wypadku\nb\u0119dziemy dzia\u0142a\u0107 w oparciu o przepisy prawa i w celu realizacji zada\u0144\npublicznych jakie s\u0105 naszym obowi\u0105zkiem.<\/p>\n\n\n\n<p>\n\n\n\n\n\n\n\n\n\n\n\n\n\n\n\n\n\nTwoje dane b\u0119dziemy\nprzetwarza\u0107 zgodnie z przepisami prawa obowi\u0105zuj\u0105cymi na terenie naszego kraju\nlub w przypadku zgody do czasu jej odwo\u0142ania\n\n\n\n<\/p>\n\n\n\n<h2 class=\"wp-block-heading\">Jakie masz prawa do swoich danych<\/h2>\n\n\n\n<p>Przys\u0142uguje Ci prawo dost\u0119pu do Twoich danych, a tak\u017ce sprostowania,\n\u017c\u0105dania usuni\u0119cia lub ograniczenia ich przetwarzania. Mo\u017cesz te\u017c z\u0142o\u017cy\u0107\nsprzeciw wobec przekazania Twoich danych do podmiot\u00f3w wskazanych wy\u017cej, kt\u00f3re\nuczestnicz\u0105 i wspieraj\u0105 nas w realizacji obowi\u0105zk\u00f3w i uprawnie\u0144. Je\u015bli to\nzrobisz, realizacja celu zwi\u0105zanego ze \u015bwiadczeniem us\u0142ug\nopieku\u0144czo-wychowawczo-edukacyjnych nie b\u0119dzie mo\u017cliwa. Masz tak\u017ce prawo wniesienia\nskargi do organu nadzorczego, kt\u00f3rym jest UODO, ul. Stawki 2&nbsp; w Warszawie, gdy&nbsp; uznasz, i\u017c przetwarzanie danych osobowych\nnarusza przepisy og\u00f3lnego rozporz\u0105dzenia o ochronie danych (RODO).<\/p>\n\n\n\n<h3 class=\"wp-block-heading\">Kontakt<\/h3>\n\n\n\n<p>Z Inspektorem Ochrony Danych (IOD) Katarzyn\u0105 Fryczkowsk\u0105, skontaktujesz\nsi\u0119 za pomoc\u0105 maila <a href=\"mailto:iod@rodo-radom.pl\">iod@rodo-radom.pl<\/a><\/p>\n\n\n\n<p>Podanie danych osobowych jest obligatoryjne w oparciu o przepisy prawa,\na w pozosta\u0142ym zakresie jest dobrowolne.<\/p>\n","protected":false},"excerpt":{"rendered":"<p>Kim jeste\u015bmy Administratorem danych jest Bursa Szkolna Nr 3 w Radomiu, ul. \u015aniadeckich 5 , 26-600 Radom telefon 48 364 11 64 email: \u00a0poczta@bs3.radom.pl Jakie dane osobiste zbieramy i dlaczego je zbieramy Twoje dane zbieramy wy\u0142\u0105cznie w celach zwi\u0105zanych ze \u015bwiadczeniem us\u0142ug opieku\u0144czo-wychowawczo-edukacyjnych. Podstaw\u0105 naszego dzia\u0142ania jest ustawa o systemie o\u015bwiaty, ustawa prawo o\u015bwiatowe, ustawa o systemie informacji o\u015bwiatowej, ustawa o finansowaniu zada\u0144 o\u015bwiatowych, Karta Nauczyciela oraz akty wykonawczych do&#8230;<\/p>\n","protected":false},"author":1,"featured_media":0,"parent":0,"menu_order":0,"comment_status":"closed","ping_status":"closed","template":"","meta":{"footnotes":""},"class_list":["post-3928","page","type-page","status-publish","hentry"],"_links":{"self":[{"href":"https:\/\/bursa3radom.pl\/index.php?rest_route=\/wp\/v2\/pages\/3928","targetHints":{"allow":["GET"]}}],"collection":[{"href":"https:\/\/bursa3radom.pl\/index.php?rest_route=\/wp\/v2\/pages"}],"about":[{"href":"https:\/\/bursa3radom.pl\/index.php?rest_route=\/wp\/v2\/types\/page"}],"author":[{"embeddable":true,"href":"https:\/\/bursa3radom.pl\/index.php?rest_route=\/wp\/v2\/users\/1"}],"replies":[{"embeddable":true,"href":"https:\/\/bursa3radom.pl\/index.php?rest_route=%2Fwp%2Fv2%2Fcomments&post=3928"}],"version-history":[{"count":1,"href":"https:\/\/bursa3radom.pl\/index.php?rest_route=\/wp\/v2\/pages\/3928\/revisions"}],"predecessor-version":[{"id":3929,"href":"https:\/\/bursa3radom.pl\/index.php?rest_route=\/wp\/v2\/pages\/3928\/revisions\/3929"}],"wp:attachment":[{"href":"https:\/\/bursa3radom.pl\/index.php?rest_route=%2Fwp%2Fv2%2Fmedia&parent=3928"}],"curies":[{"name":"wp","href":"https:\/\/api.w.org\/{rel}","templated":true}]}}