{"id":2982,"date":"2020-05-18T13:16:46","date_gmt":"2020-05-18T13:16:46","guid":{"rendered":"http:\/\/bursa3radom.pl\/?page_id=2982"},"modified":"2020-05-18T13:16:46","modified_gmt":"2020-05-18T13:16:46","slug":"historia-placowki","status":"publish","type":"page","link":"https:\/\/bursa3radom.pl\/?page_id=2982","title":{"rendered":"Historia plac\u00f3wki"},"content":{"rendered":"\n<p>Bursa Szkolna Nr 3 powsta\u0142a na bazie Internatu Nr 2\nSzk\u00f3\u0142 Przemys\u0142u Sk\u00f3rzanego. Budynek internatu na 310 miejsc oddany do u\u017cytku w\n1970r. mie\u015bci\u0142 si\u0119 przy ulicy Wernera 8. By\u0142a to plac\u00f3wka koedukacyjna dla\nuczni\u00f3w \u201esk\u00f3rzanki\u201d.<\/p>\n\n\n\n<p>Pierwszym kierownikiem internatu zosta\u0142 p. Boles\u0142aw\nSyroka. Pe\u0142ni\u0142 t\u0119 funkcj\u0119 do 1984r., kiedy to przeszed\u0142 na emerytur\u0119. Nast\u0119pnymi\nkierownikami byli: w latach 1984-1990 p. Adam Prawda, w latach 1990-1995 p.\nZenon Augustyn.<\/p>\n\n\n\n<figure class=\"wp-block-image\"><img loading=\"lazy\" decoding=\"async\" width=\"550\" height=\"539\" src=\"http:\/\/bursa3radom.pl\/wp-content\/uploads\/2020\/05\/bs.png\" alt=\"\" class=\"wp-image-2983\" srcset=\"https:\/\/bursa3radom.pl\/wp-content\/uploads\/2020\/05\/bs.png 550w, https:\/\/bursa3radom.pl\/wp-content\/uploads\/2020\/05\/bs-300x294.png 300w\" sizes=\"auto, (max-width: 550px) 100vw, 550px\" \/><figcaption><em>p. Boles\u0142aw Syroka, pierwszy kierownik Internatu Nr 2<\/em><\/figcaption><\/figure>\n\n\n\n<figure class=\"wp-block-image\"><img loading=\"lazy\" decoding=\"async\" width=\"550\" height=\"539\" src=\"http:\/\/bursa3radom.pl\/wp-content\/uploads\/2020\/05\/za.png\" alt=\"\" class=\"wp-image-2984\" srcset=\"https:\/\/bursa3radom.pl\/wp-content\/uploads\/2020\/05\/za.png 550w, https:\/\/bursa3radom.pl\/wp-content\/uploads\/2020\/05\/za-300x294.png 300w\" sizes=\"auto, (max-width: 550px) 100vw, 550px\" \/><figcaption><em>p. Zenon Augustyn, pierwszy dyrekto<\/em>r  <em>Bursy Szkolnej Nr 3<\/em> <\/figcaption><\/figure>\n\n\n\n<p>W grudniu 1995 r. decyzj\u0105 Kuratorium O\u015bwiaty i Wychowania\nInternat Nr 2 Zespo\u0142u Szk\u00f3\u0142 Przemys\u0142u Sk\u00f3rzanego sta\u0142 si\u0119 Burs\u0105 Szkoln\u0105 Nr 3. W\nplac\u00f3wce mogli zamieszka\u0107 uczniowie wszystkich radomskich szk\u00f3\u0142. Dyrektorem\nBursy zosta\u0142 p.&nbsp;Zenon Augustyn, kt\u00f3ry pe\u0142ni\u0142 t\u0119 funkcj\u0119 do 2006r. <\/p>\n\n\n\n<p>Dyrektor Z. Augustyn przeprowadzi\u0142 wiele remont\u00f3w\nbudynku, zapewni\u0142 nowe wyposa\u017cenie pomieszcze\u0144 oraz zadba\u0142 o&nbsp;podnoszenie&nbsp;kwalifikacji\nkadry&nbsp;pedagogicznej. <\/p>\n\n\n\n<p>W 2004 r. siedzib\u0119 Bursy Szkolnej Nr 3 w&nbsp;Radomiu\nprzeniesiono z ul. Wernera 8 do budynku przy ul. \u015aniadeckich 5.<\/p>\n\n\n\n<figure class=\"wp-block-image\"><img decoding=\"async\" src=\"http:\/\/bursa3radom.pl\/wp-content\/uploads\/2019\/12\/DSC_8278-1024x682.jpg\" alt=\"\"\/><figcaption> <br><em>\u00a0\u00a0\u00a0 p. Ewa Kwiatkowska<\/em>  <br><strong><em>&#8211; Dyrektor Bursy Szkolnej Nr 3 od 2006 roku<\/em><\/strong> <\/figcaption><\/figure>\n\n\n\n<p>W 2006 r. dyrektorem Bursy zosta\u0142a Ewa Kwiatkowska,<\/p>\n\n\n\n<p>kt\u00f3ra\npe\u0142ni t\u0119 funkcj\u0119 do chwili obecnej.<\/p>\n\n\n\n<p>Celem pracy\nBursy jest opieka nad uczniami pobieraj\u0105cymi nauk\u0119 poza miejscem zamieszkania i\nzapewnienie im dobrych warunk\u00f3w do nauki i&nbsp;rozwoju.<\/p>\n\n\n\n<p>W Bursie organizuje si\u0119 r\u00f3\u017cnego rodzaju zaj\u0119cia\nopieku\u0144czo-wychowawcze oraz zaj\u0119cia wspomagaj\u0105ce prac\u0119 szk\u00f3\u0142. Plac\u00f3wka posiada\nswoje tradycje takie jak: Uroczyste pasowanie na mieszka\u0144ca, wsp\u00f3lna Wieczerza\nWigilijna, Biesiada Wielkanocna, Po\u017cegnanie absolwent\u00f3w. Ponadto ka\u017cdego roku\nrealizowany jest \u201eKalendarz imprez i&nbsp;uroczysto\u015bci\u201d rocznicowych,\nsportowych i&nbsp;rozrywkowych.<\/p>\n\n\n\n<p>W Bursie dzia\u0142a samorz\u0105d wychowank\u00f3w \u2013 M\u0142odzie\u017cowa\nRada Bursy (MRB). Prowadzona jest kronika plac\u00f3wki. <\/p>\n\n\n\n<p>Od roku szkolnego 2014\/2015 z&nbsp;mo\u017cliwo\u015bci\nzamieszkania w Bursie korzysta tak\u017ce m\u0142odzie\u017c z Ukrainy ucz\u0105ca si\u0119 w&nbsp;radomskich\nszko\u0142ach. <\/p>\n\n\n\n<p>W ci\u0105gu 45 lat istnienia plac\u00f3wki ilo\u015b\u0107 wychowank\u00f3w,\nkt\u00f3rzy maj\u0105c mo\u017cliwo\u015b\u0107 mieszkania w Internacie i Bursie uko\u0144czyli wymarzone\nszko\u0142y wynosi\u0142a blisko 12&nbsp;000.<\/p>\n\n\n\n<p>W\u015br\u00f3d by\u0142ych wychowank\u00f3w s\u0105 uczniowie uzyskuj\u0105cy\nwysokie osi\u0105gni\u0119cia edukacyjne i&nbsp;sportowe, takie jak: stypendia Prezesa\nRady Ministr\u00f3w, laureaci olimpiad przedmiotowych, mistrzowie sportu. <\/p>\n","protected":false},"excerpt":{"rendered":"<p>Bursa Szkolna Nr 3 powsta\u0142a na bazie Internatu Nr 2 Szk\u00f3\u0142 Przemys\u0142u Sk\u00f3rzanego. Budynek internatu na 310 miejsc oddany do u\u017cytku w 1970r. mie\u015bci\u0142 si\u0119 przy ulicy Wernera 8. By\u0142a to plac\u00f3wka koedukacyjna dla uczni\u00f3w \u201esk\u00f3rzanki\u201d. Pierwszym kierownikiem internatu zosta\u0142 p. Boles\u0142aw Syroka. Pe\u0142ni\u0142 t\u0119 funkcj\u0119 do 1984r., kiedy to przeszed\u0142 na emerytur\u0119. Nast\u0119pnymi kierownikami byli: w latach 1984-1990 p. Adam Prawda, w latach 1990-1995 p. Zenon Augustyn. W grudniu&#8230;<\/p>\n","protected":false},"author":1,"featured_media":0,"parent":0,"menu_order":0,"comment_status":"closed","ping_status":"closed","template":"","meta":{"footnotes":""},"class_list":["post-2982","page","type-page","status-publish","hentry"],"_links":{"self":[{"href":"https:\/\/bursa3radom.pl\/index.php?rest_route=\/wp\/v2\/pages\/2982","targetHints":{"allow":["GET"]}}],"collection":[{"href":"https:\/\/bursa3radom.pl\/index.php?rest_route=\/wp\/v2\/pages"}],"about":[{"href":"https:\/\/bursa3radom.pl\/index.php?rest_route=\/wp\/v2\/types\/page"}],"author":[{"embeddable":true,"href":"https:\/\/bursa3radom.pl\/index.php?rest_route=\/wp\/v2\/users\/1"}],"replies":[{"embeddable":true,"href":"https:\/\/bursa3radom.pl\/index.php?rest_route=%2Fwp%2Fv2%2Fcomments&post=2982"}],"version-history":[{"count":2,"href":"https:\/\/bursa3radom.pl\/index.php?rest_route=\/wp\/v2\/pages\/2982\/revisions"}],"predecessor-version":[{"id":3248,"href":"https:\/\/bursa3radom.pl\/index.php?rest_route=\/wp\/v2\/pages\/2982\/revisions\/3248"}],"wp:attachment":[{"href":"https:\/\/bursa3radom.pl\/index.php?rest_route=%2Fwp%2Fv2%2Fmedia&parent=2982"}],"curies":[{"name":"wp","href":"https:\/\/api.w.org\/{rel}","templated":true}]}}