{"id":2937,"date":"2020-05-12T16:06:16","date_gmt":"2020-05-12T16:06:16","guid":{"rendered":"http:\/\/bursa3radom.pl\/?page_id=2937"},"modified":"2026-03-18T06:07:08","modified_gmt":"2026-03-18T06:07:08","slug":"informacje-dla-emerytow","status":"publish","type":"page","link":"https:\/\/bursa3radom.pl\/?page_id=2937","title":{"rendered":"Informacje dla emeryt\u00f3w"},"content":{"rendered":"\n<h1 class=\"wp-block-heading has-text-align-center\">INFORMACJE BIE\u017b\u0104CE<\/h1>\n\n\n\n<h1 class=\"wp-block-heading\"><strong>Informacja dla uprawnionych do korzystania z ZF\u015aS<\/strong><\/h1>\n\n\n\n<p>Osoby chc\u0105ce skorzysta\u0107 z dofinansowania w ramach ZF\u015aS do 30 kwietnia 2026 musz\u0105 z\u0142o\u017cy\u0107 o\u015bwiadczenie o sytuacji \u017cyciowej, rodzinnej i materialnej. <\/p>\n\n\n\n<div data-wp-interactive=\"core\/file\" class=\"wp-block-file\"><object data-wp-bind--hidden=\"!state.hasPdfPreview\" hidden class=\"wp-block-file__embed\" data=\"http:\/\/bursa3radom.pl\/wp-content\/uploads\/2025\/06\/OSWIADCZENIE-zfss.pdf\" type=\"application\/pdf\" style=\"width:100%;height:200px\" aria-label=\"Osadzone z O\u015aWIADCZENIE zf\u015bs.\"><\/object><a id=\"wp-block-file--media-39a5510e-863b-4342-b0b3-a1edd298fe00\" href=\"http:\/\/bursa3radom.pl\/wp-content\/uploads\/2025\/06\/OSWIADCZENIE-zfss.pdf\">O\u015aWIADCZENIE zf\u015bs<\/a><a href=\"http:\/\/bursa3radom.pl\/wp-content\/uploads\/2025\/06\/OSWIADCZENIE-zfss.pdf\" class=\"wp-block-file__button wp-element-button\" download aria-describedby=\"wp-block-file--media-39a5510e-863b-4342-b0b3-a1edd298fe00\">Pobierz<\/a><\/div>\n\n\n\n<p>Mo\u017cna tak\u017ce z\u0142o\u017cy\u0107 wniosek o przyznanie \u015bwiadczenia na wiosenn\u0105 pomoc \u015bwi\u0105teczn\u0105, w zwi\u0105zku ze zwi\u0119kszonymi wydatkami w tym okresie. Wnioski te nale\u017cy sk\u0142ada\u0107 do dnia 25.03.2026 r., wpisuj\u0105c doch\u00f3d za rok 2024. <\/p>\n\n\n\n<div data-wp-interactive=\"core\/file\" class=\"wp-block-file\"><object data-wp-bind--hidden=\"!state.hasPdfPreview\" hidden class=\"wp-block-file__embed\" data=\"http:\/\/bursa3radom.pl\/wp-content\/uploads\/2025\/11\/zalacznik-nr-4-ZFSS-.pdf\" type=\"application\/pdf\" style=\"width:100%;height:200px\" aria-label=\"Osadzone z za\u0142\u0105cznik nr 4 ZF\u015aS.\"><\/object><a id=\"wp-block-file--media-6091fe69-eb3e-4545-bda3-f521ac67e8fd\" href=\"http:\/\/bursa3radom.pl\/wp-content\/uploads\/2025\/11\/zalacznik-nr-4-ZFSS-.pdf\">za\u0142\u0105cznik nr 4 ZF\u015aS<\/a><a href=\"http:\/\/bursa3radom.pl\/wp-content\/uploads\/2025\/11\/zalacznik-nr-4-ZFSS-.pdf\" class=\"wp-block-file__button wp-element-button\" download aria-describedby=\"wp-block-file--media-6091fe69-eb3e-4545-bda3-f521ac67e8fd\">Pobierz<\/a><\/div>\n\n\n\n<p><strong>WSZYSTKIE WNIOSKI NALE\u017bY Z\u0141O\u017bY\u0106 OSOBI\u015aCIE<br>W KSI\u0118GOWO\u015aCI BURSY, MAILOWO LUB LISTOWNIE.<\/strong><\/p>\n\n\n\n<h1 class=\"wp-block-heading\"><strong>Wycieczka do Warszawy:<\/strong><\/h1>\n\n\n\n<p>Organizowana jest jednodniowa wycieczka do Warszawy w dniu 20.06.2026 r. (sobota). Program obejmuje zwiedzanie Muzeum Powstania Warszawskiego, Starego Miasta i \u0141azienek Kr\u00f3lewskich, obiad i czas wolny.<\/p>\n\n\n\n<p>Zapisy telefoniczne lub osobi\u015bcie w ksi\u0119gowo\u015bci bursy do dnia 25.03.2026 r.  <\/p>\n\n\n\n<p><\/p>\n\n\n\n<h1 class=\"wp-block-heading has-text-align-center\">INFORMACJE ZF\u015aS <\/h1>\n\n\n\n<h2 class=\"wp-block-heading\"><strong>Zgodnie z Regulaminem Zak\u0142adowego Funduszu \u015awiadcze\u0144 Socjalnych&nbsp; w Bursie Szkolnej Nr 3 w Radomiu informujemy:<\/strong><\/h2>\n\n\n\n<p>&nbsp;&nbsp;&nbsp;&nbsp; 1.&nbsp;&nbsp;&nbsp; Do 30. kwietnia ka\u017cdego roku nale\u017cy z\u0142o\u017cy\u0107 <strong>\u201eO\u015bwiadczenie o sytuacji \u017cyciowej,<\/strong><\/p>\n\n\n\n<p><strong>&nbsp;&nbsp;&nbsp;&nbsp;&nbsp;&nbsp;&nbsp;&nbsp;&nbsp;&nbsp; rodzinnej i materialnej\u201d<\/strong>.<\/p>\n\n\n\n<p>&nbsp;&nbsp;&nbsp; 2.&nbsp;&nbsp;&nbsp; Od 1. do 30. maja ka\u017cdego roku nale\u017cy z\u0142o\u017cy\u0107 <strong>\u201eWniosek o przyznanie<\/strong><\/p>\n\n\n\n<p><strong>&nbsp;&nbsp;&nbsp;&nbsp;&nbsp;&nbsp;&nbsp;&nbsp;&nbsp;&nbsp;&nbsp; \u015bwiadczenia z Zak\u0142adowego Funduszu \u015awiadcze\u0144 Socjalnych\u201d.<\/strong><\/p>\n\n\n\n<p>&nbsp;&nbsp; &nbsp;3.&nbsp;&nbsp;&nbsp; Od 1. do 30. listopada ka\u017cdego roku nale\u017cy z\u0142o\u017cy\u0107 <strong>\u201eWniosek o przyznanie<\/strong><\/p>\n\n\n\n<p><strong>&nbsp;&nbsp;&nbsp;&nbsp;&nbsp;&nbsp;&nbsp;&nbsp;&nbsp;&nbsp;&nbsp; \u015bwiadczenia z Zak\u0142adowego Funduszu \u015awiadcze\u0144 Socjalnych\u201d<\/strong> w zwi\u0105zku<\/p>\n\n\n\n<p>&nbsp;&nbsp;&nbsp;&nbsp;&nbsp;&nbsp;&nbsp;&nbsp;&nbsp;&nbsp;&nbsp; ze zwi\u0119kszonymi wydatkami w okresie \u015bwi\u0105tecznym.<\/p>\n\n\n\n<p>&nbsp;&nbsp;&nbsp;&nbsp;&nbsp;&nbsp;&nbsp;&nbsp;&nbsp;&nbsp; W zale\u017cno\u015bci od dysponowania \u015brodkami finansowymi, pomoc<\/p>\n\n\n\n<p>&nbsp;&nbsp;&nbsp;&nbsp;&nbsp;&nbsp;&nbsp;&nbsp;&nbsp;&nbsp;&nbsp;&nbsp; \u015bwi\u0105teczna mo\u017ce by\u0107 przydzielana r\u00f3wnie\u017c w okresie wielkanocnym.<\/p>\n\n\n\n<p>&nbsp;4.&nbsp;&nbsp;&nbsp; Informacje dotycz\u0105ce wyj\u015b\u0107 na imprezy kulturalne takie jak: kino, teatr,<\/p>\n\n\n\n<p>&nbsp;&nbsp;&nbsp;&nbsp;&nbsp;&nbsp;&nbsp;&nbsp;&nbsp;&nbsp;&nbsp; koncerty, itp., b\u0119d\u0105 umieszczane na bie\u017c\u0105co na stronie internetowej Bursy.<\/p>\n\n\n\n<p>&nbsp;&nbsp;&nbsp;&nbsp;&nbsp;&nbsp;&nbsp;&nbsp;&nbsp;&nbsp;&nbsp;&nbsp;&nbsp;&nbsp;&nbsp;&nbsp;&nbsp; Prosimy uprawnionych o sk\u0142adanie <strong>wype\u0142nionych druk\u00f3w:<\/strong><\/p>\n\n\n\n<p>&nbsp;&nbsp;&nbsp;&nbsp;&nbsp;&nbsp;&nbsp;&nbsp;&nbsp;&nbsp;&nbsp;&nbsp;&nbsp;&nbsp;&nbsp;&nbsp;&nbsp; <a>\u2013 <\/a>do ksi\u0119gowo\u015bci &nbsp;Bursy Szkolnej<\/p>\n\n\n\n<p>&nbsp;&nbsp;&nbsp;&nbsp;&nbsp;&nbsp;&nbsp;&nbsp;&nbsp;&nbsp;&nbsp;&nbsp;&nbsp;&nbsp;&nbsp;&nbsp;&nbsp; \u2013 za po\u015brednictwem Poczty Polskiej&nbsp;<\/p>\n\n\n\n<p>&nbsp;&nbsp;&nbsp;&nbsp;&nbsp;&nbsp;&nbsp;&nbsp;&nbsp;&nbsp;&nbsp;&nbsp;&nbsp;&nbsp;&nbsp;&nbsp;&nbsp; \u2013 drog\u0105 e-meilow\u0105 na adres&nbsp; <a href=\"mailto:poczta@bs3.radom.pl\">poczta@bs3.radom.pl<\/a><\/p>\n\n\n\n<h2 class=\"wp-block-heading\">Regulamin ZF\u015aS:<\/h2>\n\n\n\n<p>W zwi\u0105zku z utworzeniem nowego Regulaminu ZF\u015aS w Bursie Szkolnej Nr 3 w Radomiu informujemy, i\u017c jest on dost\u0119pny w zak\u0142adce Dokumenty <a href=\"http:\/\/bursa3radom.pl\/?page_id=5378\" data-type=\"link\" data-id=\"http:\/\/bursa3radom.pl\/?page_id=5378\">http:\/\/bursa3radom.pl\/?page_id=5378<\/a><\/p>\n\n\n\n<div data-wp-interactive=\"core\/file\" class=\"wp-block-file\"><object data-wp-bind--hidden=\"!state.hasPdfPreview\" hidden class=\"wp-block-file__embed\" data=\"http:\/\/bursa3radom.pl\/wp-content\/uploads\/2025\/06\/informacje-zfss.pdf\" type=\"application\/pdf\" style=\"width:100%;height:600px\" aria-label=\"Osadzone z informacje zf\u015bs.\"><\/object><a id=\"wp-block-file--media-83200a9a-c15e-41ff-ba0d-e46b03f076b2\" href=\"http:\/\/bursa3radom.pl\/wp-content\/uploads\/2025\/06\/informacje-zfss.pdf\">informacje zf\u015bs<\/a><a href=\"http:\/\/bursa3radom.pl\/wp-content\/uploads\/2025\/06\/informacje-zfss.pdf\" class=\"wp-block-file__button wp-element-button\" download aria-describedby=\"wp-block-file--media-83200a9a-c15e-41ff-ba0d-e46b03f076b2\">Pobierz<\/a><\/div>\n\n\n\n<div data-wp-interactive=\"core\/file\" class=\"wp-block-file\"><object data-wp-bind--hidden=\"!state.hasPdfPreview\" hidden class=\"wp-block-file__embed\" data=\"http:\/\/bursa3radom.pl\/wp-content\/uploads\/2025\/06\/OSWIADCZENIE-zfss.pdf\" type=\"application\/pdf\" style=\"width:100%;height:600px\" aria-label=\"Osadzone z O\u015aWIADCZENIE zf\u015bs.\"><\/object><a id=\"wp-block-file--media-3ef64fda-83ce-4124-b863-455f4fc040d6\" href=\"http:\/\/bursa3radom.pl\/wp-content\/uploads\/2025\/06\/OSWIADCZENIE-zfss.pdf\">O\u015aWIADCZENIE zf\u015bs<\/a><a href=\"http:\/\/bursa3radom.pl\/wp-content\/uploads\/2025\/06\/OSWIADCZENIE-zfss.pdf\" class=\"wp-block-file__button wp-element-button\" download aria-describedby=\"wp-block-file--media-3ef64fda-83ce-4124-b863-455f4fc040d6\">Pobierz<\/a><\/div>\n\n\n\n<p><strong>Wniosek o przyznanie \u015bwiadczenia z ZF\u015aS:<\/strong><\/p>\n\n\n\n<div data-wp-interactive=\"core\/file\" class=\"wp-block-file\"><object data-wp-bind--hidden=\"!state.hasPdfPreview\" hidden class=\"wp-block-file__embed\" data=\"http:\/\/bursa3radom.pl\/wp-content\/uploads\/2025\/11\/zalacznik-nr-4-ZFSS-.pdf\" type=\"application\/pdf\" style=\"width:100%;height:600px\" aria-label=\"Osadzone z za\u0142\u0105cznik nr 4 ZF\u015aS.\"><\/object><a id=\"wp-block-file--media-4595daaf-660c-469f-b082-26b2e2575bc0\" href=\"http:\/\/bursa3radom.pl\/wp-content\/uploads\/2025\/11\/zalacznik-nr-4-ZFSS-.pdf\">za\u0142\u0105cznik nr 4 ZF\u015aS<\/a><a href=\"http:\/\/bursa3radom.pl\/wp-content\/uploads\/2025\/11\/zalacznik-nr-4-ZFSS-.pdf\" class=\"wp-block-file__button wp-element-button\" download aria-describedby=\"wp-block-file--media-4595daaf-660c-469f-b082-26b2e2575bc0\">Pobierz<\/a><\/div>\n\n\n\n<h1 class=\"wp-block-heading\">Wnioski do pobrania<\/h1>\n\n\n\n<p><strong>Wniosek o przyznanie pomocy z funduszu zdrowotnego dla nauczycieli:<\/strong><\/p>\n\n\n\n<div class=\"wp-block-file\"><a id=\"wp-block-file--media-ee0a6954-6ffe-4ca7-becb-b8d204ffcce3\" href=\"http:\/\/bursa3radom.pl\/wp-content\/uploads\/2020\/05\/Wniosek-o-przyznanie-pomocy-zdrowotnej-z-funduszu-zdrowotnego.jpg\">Wniosek o przyznanie pomocy z funduszu zdrowotnego dla nauczycieli<\/a><a href=\"http:\/\/bursa3radom.pl\/wp-content\/uploads\/2020\/05\/Wniosek-o-przyznanie-pomocy-zdrowotnej-z-funduszu-zdrowotnego.jpg\" class=\"wp-block-file__button wp-element-button\" download aria-describedby=\"wp-block-file--media-ee0a6954-6ffe-4ca7-becb-b8d204ffcce3\">Pobierz<\/a><\/div>\n\n\n\n<p><\/p>\n","protected":false},"excerpt":{"rendered":"<p>INFORMACJE BIE\u017b\u0104CE Informacja dla uprawnionych do korzystania z ZF\u015aS Osoby chc\u0105ce skorzysta\u0107 z dofinansowania w ramach ZF\u015aS do 30 kwietnia 2026 musz\u0105 z\u0142o\u017cy\u0107 o\u015bwiadczenie o sytuacji \u017cyciowej, rodzinnej i materialnej. Mo\u017cna tak\u017ce z\u0142o\u017cy\u0107 wniosek o przyznanie \u015bwiadczenia na wiosenn\u0105 pomoc \u015bwi\u0105teczn\u0105, w zwi\u0105zku ze zwi\u0119kszonymi wydatkami w tym okresie. Wnioski te nale\u017cy sk\u0142ada\u0107 do dnia 25.03.2026 r., wpisuj\u0105c doch\u00f3d za rok 2024. WSZYSTKIE WNIOSKI NALE\u017bY Z\u0141O\u017bY\u0106 OSOBI\u015aCIEW KSI\u0118GOWO\u015aCI BURSY, MAILOWO&#8230;<\/p>\n","protected":false},"author":1,"featured_media":3488,"parent":0,"menu_order":0,"comment_status":"closed","ping_status":"closed","template":"","meta":{"footnotes":""},"class_list":["post-2937","page","type-page","status-publish","has-post-thumbnail","hentry"],"_links":{"self":[{"href":"https:\/\/bursa3radom.pl\/index.php?rest_route=\/wp\/v2\/pages\/2937","targetHints":{"allow":["GET"]}}],"collection":[{"href":"https:\/\/bursa3radom.pl\/index.php?rest_route=\/wp\/v2\/pages"}],"about":[{"href":"https:\/\/bursa3radom.pl\/index.php?rest_route=\/wp\/v2\/types\/page"}],"author":[{"embeddable":true,"href":"https:\/\/bursa3radom.pl\/index.php?rest_route=\/wp\/v2\/users\/1"}],"replies":[{"embeddable":true,"href":"https:\/\/bursa3radom.pl\/index.php?rest_route=%2Fwp%2Fv2%2Fcomments&post=2937"}],"version-history":[{"count":86,"href":"https:\/\/bursa3radom.pl\/index.php?rest_route=\/wp\/v2\/pages\/2937\/revisions"}],"predecessor-version":[{"id":5598,"href":"https:\/\/bursa3radom.pl\/index.php?rest_route=\/wp\/v2\/pages\/2937\/revisions\/5598"}],"wp:featuredmedia":[{"embeddable":true,"href":"https:\/\/bursa3radom.pl\/index.php?rest_route=\/wp\/v2\/media\/3488"}],"wp:attachment":[{"href":"https:\/\/bursa3radom.pl\/index.php?rest_route=%2Fwp%2Fv2%2Fmedia&parent=2937"}],"curies":[{"name":"wp","href":"https:\/\/api.w.org\/{rel}","templated":true}]}}