{"id":1851,"date":"2017-06-24T19:28:54","date_gmt":"2017-06-24T19:28:54","guid":{"rendered":"http:\/\/bursa3radom.pl\/?page_id=1851"},"modified":"2017-06-24T19:28:54","modified_gmt":"2017-06-24T19:28:54","slug":"wieczornica-z-okazji-uchwalenia-konstytucji-3-maja","status":"publish","type":"page","link":"https:\/\/bursa3radom.pl\/?page_id=1851","title":{"rendered":"Wieczornica z okazji uchwalenia Konstytucji 3 Maja"},"content":{"rendered":"<p><a href=\"http:\/\/bursa3radom.pl\/?page_id=1630\">powr\u00f3t<\/a><\/p>\n<p>Wychowanie patriotyczne jest traktowane w naszej plac\u00f3wce jako warto\u015b\u0107 nadrz\u0119dna. W zwi\u0105zku z tym z okazji \u015awi\u0105t Majowych w dn. 26.04.2017r odby\u0142a si\u0119 wieczornica przygotowana przez wychowank\u00f3w grupy III, kt\u00f3ra przedstawi\u0142a monta\u017c s\u0142owno \u2013 muzyczny o znaczeniu \u015awi\u0105t Majowych dla Polak\u00f3w.<\/p>\n<p>Wychowankowie obecni na wieczornicy od\u015bpiewali hymn pa\u0144stwowy.<\/p>\n<p>Na zako\u0144czenie wieczornicy wszyscy za\u015bpiewali pie\u015bni patriotyczne.<\/p>\n\n\t\t<style type=\"text\/css\">\n\t\t\t#gallery-1 {\n\t\t\t\tmargin: auto;\n\t\t\t}\n\t\t\t#gallery-1 .gallery-item {\n\t\t\t\tfloat: left;\n\t\t\t\tmargin-top: 10px;\n\t\t\t\ttext-align: center;\n\t\t\t\twidth: 33%;\n\t\t\t}\n\t\t\t#gallery-1 img {\n\t\t\t\tborder: 2px solid #cfcfcf;\n\t\t\t}\n\t\t\t#gallery-1 .gallery-caption {\n\t\t\t\tmargin-left: 0;\n\t\t\t}\n\t\t\t\/* see gallery_shortcode() in wp-includes\/media.php *\/\n\t\t<\/style>\n\t\t<div id='gallery-1' class='gallery galleryid-1851 gallery-columns-3 gallery-size-thumbnail'><dl class='gallery-item'>\n\t\t\t<dt class='gallery-icon portrait'>\n\t\t\t\t<a href='https:\/\/bursa3radom.pl\/wp-content\/uploads\/2017\/06\/1617_18_1.jpg'><img loading=\"lazy\" decoding=\"async\" width=\"150\" height=\"150\" src=\"https:\/\/bursa3radom.pl\/wp-content\/uploads\/2017\/06\/1617_18_1-150x150.jpg\" class=\"attachment-thumbnail size-thumbnail\" alt=\"\" aria-describedby=\"gallery-1-1852\" \/><\/a>\n\t\t\t<\/dt>\n\t\t\t\t<dd class='wp-caption-text gallery-caption' id='gallery-1-1852'>\n\t\t\t\tWieczornica z okazji uchwalenia Konstytucji 3 Maja\n\t\t\t\t<\/dd><\/dl><dl class='gallery-item'>\n\t\t\t<dt class='gallery-icon landscape'>\n\t\t\t\t<a href='https:\/\/bursa3radom.pl\/wp-content\/uploads\/2017\/06\/1617_18_2.jpg'><img loading=\"lazy\" decoding=\"async\" width=\"150\" height=\"150\" src=\"https:\/\/bursa3radom.pl\/wp-content\/uploads\/2017\/06\/1617_18_2-150x150.jpg\" class=\"attachment-thumbnail size-thumbnail\" alt=\"\" \/><\/a>\n\t\t\t<\/dt><\/dl><dl class='gallery-item'>\n\t\t\t<dt class='gallery-icon landscape'>\n\t\t\t\t<a href='https:\/\/bursa3radom.pl\/wp-content\/uploads\/2017\/06\/1617_18_3.jpg'><img loading=\"lazy\" decoding=\"async\" width=\"150\" height=\"150\" src=\"https:\/\/bursa3radom.pl\/wp-content\/uploads\/2017\/06\/1617_18_3-150x150.jpg\" class=\"attachment-thumbnail size-thumbnail\" alt=\"\" \/><\/a>\n\t\t\t<\/dt><\/dl><br style=\"clear: both\" \/><dl class='gallery-item'>\n\t\t\t<dt class='gallery-icon portrait'>\n\t\t\t\t<a href='https:\/\/bursa3radom.pl\/wp-content\/uploads\/2017\/06\/1617_18_4.jpg'><img loading=\"lazy\" decoding=\"async\" width=\"150\" height=\"150\" src=\"https:\/\/bursa3radom.pl\/wp-content\/uploads\/2017\/06\/1617_18_4-150x150.jpg\" class=\"attachment-thumbnail size-thumbnail\" alt=\"\" \/><\/a>\n\t\t\t<\/dt><\/dl><dl class='gallery-item'>\n\t\t\t<dt class='gallery-icon landscape'>\n\t\t\t\t<a href='https:\/\/bursa3radom.pl\/wp-content\/uploads\/2017\/06\/1617_18_5.jpg'><img loading=\"lazy\" decoding=\"async\" width=\"150\" height=\"150\" src=\"https:\/\/bursa3radom.pl\/wp-content\/uploads\/2017\/06\/1617_18_5-150x150.jpg\" class=\"attachment-thumbnail size-thumbnail\" alt=\"\" \/><\/a>\n\t\t\t<\/dt><\/dl>\n\t\t\t<br style='clear: both' \/>\n\t\t<\/div>\n\n<p><a href=\"http:\/\/bursa3radom.pl\/?page_id=1630\">powr\u00f3t<\/a><\/p>\n","protected":false},"excerpt":{"rendered":"<p>powr\u00f3t Wychowanie patriotyczne jest traktowane w naszej plac\u00f3wce jako warto\u015b\u0107 nadrz\u0119dna. W zwi\u0105zku z tym z okazji \u015awi\u0105t Majowych w dn. 26.04.2017r odby\u0142a si\u0119 wieczornica przygotowana przez wychowank\u00f3w grupy III, kt\u00f3ra przedstawi\u0142a monta\u017c s\u0142owno \u2013 muzyczny o znaczeniu \u015awi\u0105t Majowych dla Polak\u00f3w. Wychowankowie obecni na wieczornicy od\u015bpiewali hymn pa\u0144stwowy. Na zako\u0144czenie wieczornicy wszyscy za\u015bpiewali pie\u015bni patriotyczne. powr\u00f3t<\/p>\n","protected":false},"author":1,"featured_media":0,"parent":1630,"menu_order":0,"comment_status":"closed","ping_status":"open","template":"","meta":{"footnotes":""},"class_list":["post-1851","page","type-page","status-publish","hentry"],"_links":{"self":[{"href":"https:\/\/bursa3radom.pl\/index.php?rest_route=\/wp\/v2\/pages\/1851","targetHints":{"allow":["GET"]}}],"collection":[{"href":"https:\/\/bursa3radom.pl\/index.php?rest_route=\/wp\/v2\/pages"}],"about":[{"href":"https:\/\/bursa3radom.pl\/index.php?rest_route=\/wp\/v2\/types\/page"}],"author":[{"embeddable":true,"href":"https:\/\/bursa3radom.pl\/index.php?rest_route=\/wp\/v2\/users\/1"}],"replies":[{"embeddable":true,"href":"https:\/\/bursa3radom.pl\/index.php?rest_route=%2Fwp%2Fv2%2Fcomments&post=1851"}],"version-history":[{"count":1,"href":"https:\/\/bursa3radom.pl\/index.php?rest_route=\/wp\/v2\/pages\/1851\/revisions"}],"predecessor-version":[{"id":1857,"href":"https:\/\/bursa3radom.pl\/index.php?rest_route=\/wp\/v2\/pages\/1851\/revisions\/1857"}],"up":[{"embeddable":true,"href":"https:\/\/bursa3radom.pl\/index.php?rest_route=\/wp\/v2\/pages\/1630"}],"wp:attachment":[{"href":"https:\/\/bursa3radom.pl\/index.php?rest_route=%2Fwp%2Fv2%2Fmedia&parent=1851"}],"curies":[{"name":"wp","href":"https:\/\/api.w.org\/{rel}","templated":true}]}}