{"id":1812,"date":"2017-06-24T18:51:55","date_gmt":"2017-06-24T18:51:55","guid":{"rendered":"http:\/\/bursa3radom.pl\/?page_id=1812"},"modified":"2017-06-24T18:59:43","modified_gmt":"2017-06-24T18:59:43","slug":"8-marca","status":"publish","type":"page","link":"https:\/\/bursa3radom.pl\/?page_id=1812","title":{"rendered":"8 Marca"},"content":{"rendered":"<p><a href=\"http:\/\/bursa3radom.pl\/?page_id=1630\">powr\u00f3t<\/a><\/p>\n<p>Z okazji Dnia Kobiet i Dnia M\u0119\u017cczyzn, w dniu 8 marca, odby\u0142 si\u0119 przygotowany przez grup\u0119 IV i jej wychowawczynie, program artystyczny pt. ,,Dzie\u0144 Kobiet na weso\u0142o\u201d. Form\u0105 przekazu informacji o tradycji obchod\u00f3w obu tych \u015bwi\u0105t oraz ciekawostek naukowych o kobietach i m\u0119\u017cczyznach, by\u0142a aran\u017cacja programu telewizyjnego nadawanego z bursy. Prezenterzy TVP Bursa przekazali szybko, ciekawie i zabawnie porcj\u0119 wiadomo\u015bci na ten temat. Dodatkowo na ekranie TVP Bursa pojawi\u0142a si\u0119 miejscowa pogodynka, prezenter wiadomo\u015bci sportowych oraz kreator mody. Zaprezentowany pokaz mody dla mieszka\u0144c\u00f3w\u00a0\u00a0 i pracownik\u00f3w bursy, obu p\u0142ci, w wykonaniu naszych kole\u017canek i koleg\u00f3w, wzbudzi\u0142 ogromny aplauz zebranej licznie widowni. Uwie\u0144czeniem \u015bwi\u0119towania Dnia Kobiet i Dnia M\u0119\u017cczyzn by\u0142 s\u0142odki pocz\u0119stunek (babeczki) konsumowany przy d\u017awi\u0119kach ponadczasowych przeboj\u00f3w o kobietach i\u00a0 m\u0119\u017cczyznach.<\/p>\n\n\t\t<style type=\"text\/css\">\n\t\t\t#gallery-1 {\n\t\t\t\tmargin: auto;\n\t\t\t}\n\t\t\t#gallery-1 .gallery-item {\n\t\t\t\tfloat: left;\n\t\t\t\tmargin-top: 10px;\n\t\t\t\ttext-align: center;\n\t\t\t\twidth: 33%;\n\t\t\t}\n\t\t\t#gallery-1 img {\n\t\t\t\tborder: 2px solid #cfcfcf;\n\t\t\t}\n\t\t\t#gallery-1 .gallery-caption {\n\t\t\t\tmargin-left: 0;\n\t\t\t}\n\t\t\t\/* see gallery_shortcode() in wp-includes\/media.php *\/\n\t\t<\/style>\n\t\t<div id='gallery-1' class='gallery galleryid-1812 gallery-columns-3 gallery-size-thumbnail'><dl class='gallery-item'>\n\t\t\t<dt class='gallery-icon landscape'>\n\t\t\t\t<a href='https:\/\/bursa3radom.pl\/wp-content\/uploads\/2017\/06\/1617_14_1.jpg'><img loading=\"lazy\" decoding=\"async\" width=\"150\" height=\"150\" src=\"https:\/\/bursa3radom.pl\/wp-content\/uploads\/2017\/06\/1617_14_1-150x150.jpg\" class=\"attachment-thumbnail size-thumbnail\" alt=\"\" \/><\/a>\n\t\t\t<\/dt><\/dl><dl class='gallery-item'>\n\t\t\t<dt class='gallery-icon landscape'>\n\t\t\t\t<a href='https:\/\/bursa3radom.pl\/wp-content\/uploads\/2017\/06\/1617_14_3.jpg'><img loading=\"lazy\" decoding=\"async\" width=\"150\" height=\"150\" src=\"https:\/\/bursa3radom.pl\/wp-content\/uploads\/2017\/06\/1617_14_3-150x150.jpg\" class=\"attachment-thumbnail size-thumbnail\" alt=\"\" \/><\/a>\n\t\t\t<\/dt><\/dl><dl class='gallery-item'>\n\t\t\t<dt class='gallery-icon portrait'>\n\t\t\t\t<a href='https:\/\/bursa3radom.pl\/wp-content\/uploads\/2017\/06\/1617_14_4.jpg'><img loading=\"lazy\" decoding=\"async\" width=\"150\" height=\"150\" src=\"https:\/\/bursa3radom.pl\/wp-content\/uploads\/2017\/06\/1617_14_4-150x150.jpg\" class=\"attachment-thumbnail size-thumbnail\" alt=\"\" \/><\/a>\n\t\t\t<\/dt><\/dl><br style=\"clear: both\" \/><dl class='gallery-item'>\n\t\t\t<dt class='gallery-icon landscape'>\n\t\t\t\t<a href='https:\/\/bursa3radom.pl\/wp-content\/uploads\/2017\/06\/1617_14_5.jpg'><img loading=\"lazy\" decoding=\"async\" width=\"150\" height=\"150\" src=\"https:\/\/bursa3radom.pl\/wp-content\/uploads\/2017\/06\/1617_14_5-150x150.jpg\" class=\"attachment-thumbnail size-thumbnail\" alt=\"\" \/><\/a>\n\t\t\t<\/dt><\/dl><dl class='gallery-item'>\n\t\t\t<dt class='gallery-icon portrait'>\n\t\t\t\t<a href='https:\/\/bursa3radom.pl\/wp-content\/uploads\/2017\/06\/1617_14_6.jpg'><img loading=\"lazy\" decoding=\"async\" width=\"150\" height=\"150\" src=\"https:\/\/bursa3radom.pl\/wp-content\/uploads\/2017\/06\/1617_14_6-150x150.jpg\" class=\"attachment-thumbnail size-thumbnail\" alt=\"\" \/><\/a>\n\t\t\t<\/dt><\/dl><dl class='gallery-item'>\n\t\t\t<dt class='gallery-icon landscape'>\n\t\t\t\t<a href='https:\/\/bursa3radom.pl\/wp-content\/uploads\/2017\/06\/1617_14_7.jpg'><img loading=\"lazy\" decoding=\"async\" width=\"150\" height=\"150\" src=\"https:\/\/bursa3radom.pl\/wp-content\/uploads\/2017\/06\/1617_14_7-150x150.jpg\" class=\"attachment-thumbnail size-thumbnail\" alt=\"\" \/><\/a>\n\t\t\t<\/dt><\/dl><br style=\"clear: both\" \/>\n\t\t<\/div>\n\n<p><a href=\"http:\/\/bursa3radom.pl\/?page_id=1630\">powr\u00f3t<\/a><\/p>\n","protected":false},"excerpt":{"rendered":"<p>powr\u00f3t Z okazji Dnia Kobiet i Dnia M\u0119\u017cczyzn, w dniu 8 marca, odby\u0142 si\u0119 przygotowany przez grup\u0119 IV i jej wychowawczynie, program artystyczny pt. ,,Dzie\u0144 Kobiet na weso\u0142o\u201d. Form\u0105 przekazu informacji o tradycji obchod\u00f3w obu tych \u015bwi\u0105t oraz ciekawostek naukowych o kobietach i m\u0119\u017cczyznach, by\u0142a aran\u017cacja programu telewizyjnego nadawanego z bursy. Prezenterzy TVP Bursa przekazali szybko, ciekawie i zabawnie porcj\u0119 wiadomo\u015bci na ten temat. Dodatkowo na ekranie TVP Bursa pojawi\u0142a&#8230;<\/p>\n","protected":false},"author":1,"featured_media":0,"parent":1630,"menu_order":0,"comment_status":"closed","ping_status":"open","template":"","meta":{"footnotes":""},"class_list":["post-1812","page","type-page","status-publish","hentry"],"_links":{"self":[{"href":"https:\/\/bursa3radom.pl\/index.php?rest_route=\/wp\/v2\/pages\/1812","targetHints":{"allow":["GET"]}}],"collection":[{"href":"https:\/\/bursa3radom.pl\/index.php?rest_route=\/wp\/v2\/pages"}],"about":[{"href":"https:\/\/bursa3radom.pl\/index.php?rest_route=\/wp\/v2\/types\/page"}],"author":[{"embeddable":true,"href":"https:\/\/bursa3radom.pl\/index.php?rest_route=\/wp\/v2\/users\/1"}],"replies":[{"embeddable":true,"href":"https:\/\/bursa3radom.pl\/index.php?rest_route=%2Fwp%2Fv2%2Fcomments&post=1812"}],"version-history":[{"count":2,"href":"https:\/\/bursa3radom.pl\/index.php?rest_route=\/wp\/v2\/pages\/1812\/revisions"}],"predecessor-version":[{"id":1823,"href":"https:\/\/bursa3radom.pl\/index.php?rest_route=\/wp\/v2\/pages\/1812\/revisions\/1823"}],"up":[{"embeddable":true,"href":"https:\/\/bursa3radom.pl\/index.php?rest_route=\/wp\/v2\/pages\/1630"}],"wp:attachment":[{"href":"https:\/\/bursa3radom.pl\/index.php?rest_route=%2Fwp%2Fv2%2Fmedia&parent=1812"}],"curies":[{"name":"wp","href":"https:\/\/api.w.org\/{rel}","templated":true}]}}