{"id":1731,"date":"2017-03-08T21:38:21","date_gmt":"2017-03-08T21:38:21","guid":{"rendered":"http:\/\/bursa3radom.pl\/?page_id=1731"},"modified":"2017-03-08T21:46:29","modified_gmt":"2017-03-08T21:46:29","slug":"konkurs-wiedzy-zycie-i-tworczosc-henryka-sienkiewicza","status":"publish","type":"page","link":"https:\/\/bursa3radom.pl\/?page_id=1731","title":{"rendered":"Konkurs wiedzy \u201e \u017bycie i tw\u00f3rczo\u015b\u0107 Henryka Sienkiewicza \u201d"},"content":{"rendered":"<p><a title=\"Rok Szkolny 2016\/2017\" href=\"http:\/\/bursa3radom.pl\/?page_id=1630\">Powr\u00f3t<\/a><\/p>\n<p>Konkurs wiedzy \u201e \u017bycie i tw\u00f3rczo\u015b\u0107 Henryka Sienkiewicza \u201d<\/p>\n<p>W dniu 22. XI. 2016 r odby\u0142 si\u0119 konkurs wiedzy \u201e \u017bycie i tw\u00f3rczo\u015b\u0107 Henryka Sienkiewicza \u201d organizowany przez sekcj\u0119 pomocy w nauce. M\u0142odzie\u017c rozwi\u0105zywa\u0142a krzy\u017c\u00f3wk\u0119 oraz test.<\/p>\n<p>Opiekun sekcji pomocy w nauce mgr Ma\u0142gorzata St\u0119pniowska po sprawdzeniu prac wy\u0142oni\u0142a zwyci\u0119zc\u00f3w:<\/p>\n<p>I miejsce \u2013\u00a0\u00a0 \u00a0 Emilia \u00a0\u00a0\u00a0gr. III<\/p>\n<p>II miejsce \u2013\u00a0\u00a0 Norbert \u00a0gr. I<\/p>\n<p>III miejsce \u2013\u00a0\u00a0 Wioleta\u00a0\u00a0 gr III<\/p>\n\n\t\t<style type=\"text\/css\">\n\t\t\t#gallery-1 {\n\t\t\t\tmargin: auto;\n\t\t\t}\n\t\t\t#gallery-1 .gallery-item {\n\t\t\t\tfloat: left;\n\t\t\t\tmargin-top: 10px;\n\t\t\t\ttext-align: center;\n\t\t\t\twidth: 33%;\n\t\t\t}\n\t\t\t#gallery-1 img {\n\t\t\t\tborder: 2px solid #cfcfcf;\n\t\t\t}\n\t\t\t#gallery-1 .gallery-caption {\n\t\t\t\tmargin-left: 0;\n\t\t\t}\n\t\t\t\/* see gallery_shortcode() in wp-includes\/media.php *\/\n\t\t<\/style>\n\t\t<div id='gallery-1' class='gallery galleryid-1731 gallery-columns-3 gallery-size-thumbnail'><dl class='gallery-item'>\n\t\t\t<dt class='gallery-icon landscape'>\n\t\t\t\t<a href='https:\/\/bursa3radom.pl\/wp-content\/uploads\/2017\/03\/1617_07_1.jpg'><img loading=\"lazy\" decoding=\"async\" width=\"150\" height=\"150\" src=\"https:\/\/bursa3radom.pl\/wp-content\/uploads\/2017\/03\/1617_07_1-150x150.jpg\" class=\"attachment-thumbnail size-thumbnail\" alt=\"\" \/><\/a>\n\t\t\t<\/dt><\/dl><dl class='gallery-item'>\n\t\t\t<dt class='gallery-icon landscape'>\n\t\t\t\t<a href='https:\/\/bursa3radom.pl\/wp-content\/uploads\/2017\/03\/1617_07_2.jpg'><img loading=\"lazy\" decoding=\"async\" width=\"150\" height=\"150\" src=\"https:\/\/bursa3radom.pl\/wp-content\/uploads\/2017\/03\/1617_07_2-150x150.jpg\" class=\"attachment-thumbnail size-thumbnail\" alt=\"\" \/><\/a>\n\t\t\t<\/dt><\/dl><dl class='gallery-item'>\n\t\t\t<dt class='gallery-icon landscape'>\n\t\t\t\t<a href='https:\/\/bursa3radom.pl\/wp-content\/uploads\/2017\/03\/1617_07_3.jpg'><img loading=\"lazy\" decoding=\"async\" width=\"150\" height=\"150\" src=\"https:\/\/bursa3radom.pl\/wp-content\/uploads\/2017\/03\/1617_07_3-150x150.jpg\" class=\"attachment-thumbnail size-thumbnail\" alt=\"\" \/><\/a>\n\t\t\t<\/dt><\/dl><br style=\"clear: both\" \/><dl class='gallery-item'>\n\t\t\t<dt class='gallery-icon landscape'>\n\t\t\t\t<a href='https:\/\/bursa3radom.pl\/wp-content\/uploads\/2017\/03\/1617_07_4.jpg'><img loading=\"lazy\" decoding=\"async\" width=\"150\" height=\"150\" src=\"https:\/\/bursa3radom.pl\/wp-content\/uploads\/2017\/03\/1617_07_4-150x150.jpg\" class=\"attachment-thumbnail size-thumbnail\" alt=\"\" \/><\/a>\n\t\t\t<\/dt><\/dl>\n\t\t\t<br style='clear: both' \/>\n\t\t<\/div>\n\n<p><a title=\"Rok Szkolny 2016\/2017\" href=\"http:\/\/bursa3radom.pl\/?page_id=1630\">Powr\u00f3t<\/a><\/p>\n","protected":false},"excerpt":{"rendered":"<p>Powr\u00f3t Konkurs wiedzy \u201e \u017bycie i tw\u00f3rczo\u015b\u0107 Henryka Sienkiewicza \u201d W dniu 22. XI. 2016 r odby\u0142 si\u0119 konkurs wiedzy \u201e \u017bycie i tw\u00f3rczo\u015b\u0107 Henryka Sienkiewicza \u201d organizowany przez sekcj\u0119 pomocy w nauce. M\u0142odzie\u017c rozwi\u0105zywa\u0142a krzy\u017c\u00f3wk\u0119 oraz test. Opiekun sekcji pomocy w nauce mgr Ma\u0142gorzata St\u0119pniowska po sprawdzeniu prac wy\u0142oni\u0142a zwyci\u0119zc\u00f3w: I miejsce \u2013\u00a0\u00a0 \u00a0 Emilia \u00a0\u00a0\u00a0gr. III II miejsce \u2013\u00a0\u00a0 Norbert \u00a0gr. I III miejsce \u2013\u00a0\u00a0 Wioleta\u00a0\u00a0 gr III&#8230;<\/p>\n","protected":false},"author":1,"featured_media":0,"parent":1630,"menu_order":0,"comment_status":"closed","ping_status":"open","template":"","meta":{"footnotes":""},"class_list":["post-1731","page","type-page","status-publish","hentry"],"_links":{"self":[{"href":"https:\/\/bursa3radom.pl\/index.php?rest_route=\/wp\/v2\/pages\/1731","targetHints":{"allow":["GET"]}}],"collection":[{"href":"https:\/\/bursa3radom.pl\/index.php?rest_route=\/wp\/v2\/pages"}],"about":[{"href":"https:\/\/bursa3radom.pl\/index.php?rest_route=\/wp\/v2\/types\/page"}],"author":[{"embeddable":true,"href":"https:\/\/bursa3radom.pl\/index.php?rest_route=\/wp\/v2\/users\/1"}],"replies":[{"embeddable":true,"href":"https:\/\/bursa3radom.pl\/index.php?rest_route=%2Fwp%2Fv2%2Fcomments&post=1731"}],"version-history":[{"count":3,"href":"https:\/\/bursa3radom.pl\/index.php?rest_route=\/wp\/v2\/pages\/1731\/revisions"}],"predecessor-version":[{"id":1739,"href":"https:\/\/bursa3radom.pl\/index.php?rest_route=\/wp\/v2\/pages\/1731\/revisions\/1739"}],"up":[{"embeddable":true,"href":"https:\/\/bursa3radom.pl\/index.php?rest_route=\/wp\/v2\/pages\/1630"}],"wp:attachment":[{"href":"https:\/\/bursa3radom.pl\/index.php?rest_route=%2Fwp%2Fv2%2Fmedia&parent=1731"}],"curies":[{"name":"wp","href":"https:\/\/api.w.org\/{rel}","templated":true}]}}