{"id":1679,"date":"2016-11-20T22:27:02","date_gmt":"2016-11-20T22:27:02","guid":{"rendered":"http:\/\/bursa3radom.pl\/?page_id=1679"},"modified":"2016-11-20T22:38:45","modified_gmt":"2016-11-20T22:38:45","slug":"opieka-nad-pomnikiem-przy-ul-warszawskiej","status":"publish","type":"page","link":"https:\/\/bursa3radom.pl\/?page_id=1679","title":{"rendered":"Opieka nad pomnikiem przy ul. Warszawskiej"},"content":{"rendered":"<p><a title=\"Rok Szkolny 2016\/2017\" href=\"http:\/\/bursa3radom.pl\/?page_id=1630\">Powr\u00f3t<\/a><\/p>\n<p>M\u0142odzie\u017c z Bursy Szkolnej Nr 3 w Radomiu opiekuje si\u0119 miejscem u\u015bwi\u0119conym m\u0119cze\u0144sk\u0105 \u015bmierci\u0105 Polak\u00f3w walcz\u0105cych o wyzwolenie narodowe w latach 1939 -1945. Tablica pami\u0105tkowa ku czci pomordowanych znajduje si\u0119 na ul. Warszawskiej.<\/p>\n<p>27.10.2016 r m\u0142odzie\u017c pod opiek\u0105 p. M. Michalskiej i p. A. Krawulskiej sprz\u0105ta\u0142a teren wok\u00f3\u0142 tablicy, z\u0142o\u017cy\u0142a w\u0142asnor\u0119cznie zrobiony wieniec i zapali\u0142a znicze.<\/p>\n\n\t\t<style type=\"text\/css\">\n\t\t\t#gallery-1 {\n\t\t\t\tmargin: auto;\n\t\t\t}\n\t\t\t#gallery-1 .gallery-item {\n\t\t\t\tfloat: left;\n\t\t\t\tmargin-top: 10px;\n\t\t\t\ttext-align: center;\n\t\t\t\twidth: 33%;\n\t\t\t}\n\t\t\t#gallery-1 img {\n\t\t\t\tborder: 2px solid #cfcfcf;\n\t\t\t}\n\t\t\t#gallery-1 .gallery-caption {\n\t\t\t\tmargin-left: 0;\n\t\t\t}\n\t\t\t\/* see gallery_shortcode() in wp-includes\/media.php *\/\n\t\t<\/style>\n\t\t<div id='gallery-1' class='gallery galleryid-1679 gallery-columns-3 gallery-size-thumbnail'><dl class='gallery-item'>\n\t\t\t<dt class='gallery-icon landscape'>\n\t\t\t\t<a href='https:\/\/bursa3radom.pl\/wp-content\/uploads\/2016\/11\/1617_5_1.jpg'><img loading=\"lazy\" decoding=\"async\" width=\"150\" height=\"150\" src=\"https:\/\/bursa3radom.pl\/wp-content\/uploads\/2016\/11\/1617_5_1-150x150.jpg\" class=\"attachment-thumbnail size-thumbnail\" alt=\"\" \/><\/a>\n\t\t\t<\/dt><\/dl><dl class='gallery-item'>\n\t\t\t<dt class='gallery-icon portrait'>\n\t\t\t\t<a href='https:\/\/bursa3radom.pl\/wp-content\/uploads\/2016\/11\/1617_5_2.jpg'><img loading=\"lazy\" decoding=\"async\" width=\"150\" height=\"150\" src=\"https:\/\/bursa3radom.pl\/wp-content\/uploads\/2016\/11\/1617_5_2-150x150.jpg\" class=\"attachment-thumbnail size-thumbnail\" alt=\"\" \/><\/a>\n\t\t\t<\/dt><\/dl><dl class='gallery-item'>\n\t\t\t<dt class='gallery-icon landscape'>\n\t\t\t\t<a href='https:\/\/bursa3radom.pl\/wp-content\/uploads\/2016\/11\/1617_5_3.jpg'><img loading=\"lazy\" decoding=\"async\" width=\"150\" height=\"150\" src=\"https:\/\/bursa3radom.pl\/wp-content\/uploads\/2016\/11\/1617_5_3-150x150.jpg\" class=\"attachment-thumbnail size-thumbnail\" alt=\"\" \/><\/a>\n\t\t\t<\/dt><\/dl><br style=\"clear: both\" \/><dl class='gallery-item'>\n\t\t\t<dt class='gallery-icon landscape'>\n\t\t\t\t<a href='https:\/\/bursa3radom.pl\/wp-content\/uploads\/2016\/11\/1617_5_4.jpg'><img loading=\"lazy\" decoding=\"async\" width=\"150\" height=\"150\" src=\"https:\/\/bursa3radom.pl\/wp-content\/uploads\/2016\/11\/1617_5_4-150x150.jpg\" class=\"attachment-thumbnail size-thumbnail\" alt=\"\" \/><\/a>\n\t\t\t<\/dt><\/dl><dl class='gallery-item'>\n\t\t\t<dt class='gallery-icon landscape'>\n\t\t\t\t<a href='https:\/\/bursa3radom.pl\/wp-content\/uploads\/2016\/11\/1617_5_5.jpg'><img loading=\"lazy\" decoding=\"async\" width=\"150\" height=\"150\" src=\"https:\/\/bursa3radom.pl\/wp-content\/uploads\/2016\/11\/1617_5_5-150x150.jpg\" class=\"attachment-thumbnail size-thumbnail\" alt=\"\" aria-describedby=\"gallery-1-1684\" \/><\/a>\n\t\t\t<\/dt>\n\t\t\t\t<dd class='wp-caption-text gallery-caption' id='gallery-1-1684'>\n\t\t\t\tOpieka na pomnikiem przy ul.Warszawskiej\n\t\t\t\t<\/dd><\/dl>\n\t\t\t<br style='clear: both' \/>\n\t\t<\/div>\n\n<p><a title=\"Rok Szkolny 2016\/2017\" href=\"http:\/\/bursa3radom.pl\/?page_id=1630\">Powr\u00f3t<\/a><\/p>\n","protected":false},"excerpt":{"rendered":"<p>Powr\u00f3t M\u0142odzie\u017c z Bursy Szkolnej Nr 3 w Radomiu opiekuje si\u0119 miejscem u\u015bwi\u0119conym m\u0119cze\u0144sk\u0105 \u015bmierci\u0105 Polak\u00f3w walcz\u0105cych o wyzwolenie narodowe w latach 1939 -1945. Tablica pami\u0105tkowa ku czci pomordowanych znajduje si\u0119 na ul. Warszawskiej. 27.10.2016 r m\u0142odzie\u017c pod opiek\u0105 p. M. Michalskiej i p. A. Krawulskiej sprz\u0105ta\u0142a teren wok\u00f3\u0142 tablicy, z\u0142o\u017cy\u0142a w\u0142asnor\u0119cznie zrobiony wieniec i zapali\u0142a znicze. Powr\u00f3t<\/p>\n","protected":false},"author":1,"featured_media":0,"parent":1630,"menu_order":0,"comment_status":"closed","ping_status":"open","template":"","meta":{"footnotes":""},"class_list":["post-1679","page","type-page","status-publish","hentry"],"_links":{"self":[{"href":"https:\/\/bursa3radom.pl\/index.php?rest_route=\/wp\/v2\/pages\/1679","targetHints":{"allow":["GET"]}}],"collection":[{"href":"https:\/\/bursa3radom.pl\/index.php?rest_route=\/wp\/v2\/pages"}],"about":[{"href":"https:\/\/bursa3radom.pl\/index.php?rest_route=\/wp\/v2\/types\/page"}],"author":[{"embeddable":true,"href":"https:\/\/bursa3radom.pl\/index.php?rest_route=\/wp\/v2\/users\/1"}],"replies":[{"embeddable":true,"href":"https:\/\/bursa3radom.pl\/index.php?rest_route=%2Fwp%2Fv2%2Fcomments&post=1679"}],"version-history":[{"count":2,"href":"https:\/\/bursa3radom.pl\/index.php?rest_route=\/wp\/v2\/pages\/1679\/revisions"}],"predecessor-version":[{"id":1697,"href":"https:\/\/bursa3radom.pl\/index.php?rest_route=\/wp\/v2\/pages\/1679\/revisions\/1697"}],"up":[{"embeddable":true,"href":"https:\/\/bursa3radom.pl\/index.php?rest_route=\/wp\/v2\/pages\/1630"}],"wp:attachment":[{"href":"https:\/\/bursa3radom.pl\/index.php?rest_route=%2Fwp%2Fv2%2Fmedia&parent=1679"}],"curies":[{"name":"wp","href":"https:\/\/api.w.org\/{rel}","templated":true}]}}