{"id":1247,"date":"2016-01-17T18:39:22","date_gmt":"2016-01-17T18:39:22","guid":{"rendered":"http:\/\/bursa3radom.pl\/?page_id=1247"},"modified":"2016-01-17T18:39:22","modified_gmt":"2016-01-17T18:39:22","slug":"wieczornica-z-okazji-swieta-odzyskania-niepodleglosci","status":"publish","type":"page","link":"https:\/\/bursa3radom.pl\/?page_id=1247","title":{"rendered":"Wieczornica z okazji \u015awi\u0119ta Odzyskania Niepodleg\u0142o\u015bci"},"content":{"rendered":"<p><a title=\"rok szkolny 2015\/2016\" href=\"http:\/\/bursa3radom.pl\/?page_id=1149\">Powr\u00f3t<\/a><\/p>\n<p>97. rocznic\u0119 tego zdarzenia historycznego upami\u0119tni\u0142 monta\u017c s\u0142owno-muzyczny przygotowany przez grup\u0119 V z udzia\u0142em ch\u0119tnych wychowank\u00f3w. Przy akompaniamencie pianina, w udekorowanej w barwy narodowe sali, \u015bpiewano wsp\u00f3lnie pie\u015bni patriotyczne.<\/p>\n\n\t\t<style type=\"text\/css\">\n\t\t\t#gallery-1 {\n\t\t\t\tmargin: auto;\n\t\t\t}\n\t\t\t#gallery-1 .gallery-item {\n\t\t\t\tfloat: left;\n\t\t\t\tmargin-top: 10px;\n\t\t\t\ttext-align: center;\n\t\t\t\twidth: 33%;\n\t\t\t}\n\t\t\t#gallery-1 img {\n\t\t\t\tborder: 2px solid #cfcfcf;\n\t\t\t}\n\t\t\t#gallery-1 .gallery-caption {\n\t\t\t\tmargin-left: 0;\n\t\t\t}\n\t\t\t\/* see gallery_shortcode() in wp-includes\/media.php *\/\n\t\t<\/style>\n\t\t<div id='gallery-1' class='gallery galleryid-1247 gallery-columns-3 gallery-size-thumbnail'><dl class='gallery-item'>\n\t\t\t<dt class='gallery-icon landscape'>\n\t\t\t\t<a href='https:\/\/bursa3radom.pl\/wp-content\/uploads\/2016\/01\/1516_07_01.jpg'><img loading=\"lazy\" decoding=\"async\" width=\"150\" height=\"150\" src=\"https:\/\/bursa3radom.pl\/wp-content\/uploads\/2016\/01\/1516_07_01-150x150.jpg\" class=\"attachment-thumbnail size-thumbnail\" alt=\"\" \/><\/a>\n\t\t\t<\/dt><\/dl><dl class='gallery-item'>\n\t\t\t<dt class='gallery-icon landscape'>\n\t\t\t\t<a href='https:\/\/bursa3radom.pl\/wp-content\/uploads\/2016\/01\/1516_07_02.jpg'><img loading=\"lazy\" decoding=\"async\" width=\"150\" height=\"150\" src=\"https:\/\/bursa3radom.pl\/wp-content\/uploads\/2016\/01\/1516_07_02-150x150.jpg\" class=\"attachment-thumbnail size-thumbnail\" alt=\"\" \/><\/a>\n\t\t\t<\/dt><\/dl><dl class='gallery-item'>\n\t\t\t<dt class='gallery-icon landscape'>\n\t\t\t\t<a href='https:\/\/bursa3radom.pl\/wp-content\/uploads\/2016\/01\/1516_07_03.jpg'><img loading=\"lazy\" decoding=\"async\" width=\"150\" height=\"150\" src=\"https:\/\/bursa3radom.pl\/wp-content\/uploads\/2016\/01\/1516_07_03-150x150.jpg\" class=\"attachment-thumbnail size-thumbnail\" alt=\"\" \/><\/a>\n\t\t\t<\/dt><\/dl><br style=\"clear: both\" \/><dl class='gallery-item'>\n\t\t\t<dt class='gallery-icon portrait'>\n\t\t\t\t<a href='https:\/\/bursa3radom.pl\/wp-content\/uploads\/2016\/01\/1516_07_04.jpg'><img loading=\"lazy\" decoding=\"async\" width=\"150\" height=\"150\" src=\"https:\/\/bursa3radom.pl\/wp-content\/uploads\/2016\/01\/1516_07_04-150x150.jpg\" class=\"attachment-thumbnail size-thumbnail\" alt=\"\" \/><\/a>\n\t\t\t<\/dt><\/dl><dl class='gallery-item'>\n\t\t\t<dt class='gallery-icon landscape'>\n\t\t\t\t<a href='https:\/\/bursa3radom.pl\/wp-content\/uploads\/2016\/01\/1516_07_05.jpg'><img loading=\"lazy\" decoding=\"async\" width=\"150\" height=\"150\" src=\"https:\/\/bursa3radom.pl\/wp-content\/uploads\/2016\/01\/1516_07_05-150x150.jpg\" class=\"attachment-thumbnail size-thumbnail\" alt=\"\" \/><\/a>\n\t\t\t<\/dt><\/dl><dl class='gallery-item'>\n\t\t\t<dt class='gallery-icon landscape'>\n\t\t\t\t<a href='https:\/\/bursa3radom.pl\/wp-content\/uploads\/2016\/01\/1516_07_06.jpg'><img loading=\"lazy\" decoding=\"async\" width=\"150\" height=\"150\" src=\"https:\/\/bursa3radom.pl\/wp-content\/uploads\/2016\/01\/1516_07_06-150x150.jpg\" class=\"attachment-thumbnail size-thumbnail\" alt=\"\" \/><\/a>\n\t\t\t<\/dt><\/dl><br style=\"clear: both\" \/><dl class='gallery-item'>\n\t\t\t<dt class='gallery-icon landscape'>\n\t\t\t\t<a href='https:\/\/bursa3radom.pl\/wp-content\/uploads\/2016\/01\/1516_07_07.jpg'><img loading=\"lazy\" decoding=\"async\" width=\"150\" height=\"150\" src=\"https:\/\/bursa3radom.pl\/wp-content\/uploads\/2016\/01\/1516_07_07-150x150.jpg\" class=\"attachment-thumbnail size-thumbnail\" alt=\"\" \/><\/a>\n\t\t\t<\/dt><\/dl><dl class='gallery-item'>\n\t\t\t<dt class='gallery-icon landscape'>\n\t\t\t\t<a href='https:\/\/bursa3radom.pl\/wp-content\/uploads\/2016\/01\/1516_07_08.jpg'><img loading=\"lazy\" decoding=\"async\" width=\"150\" height=\"150\" src=\"https:\/\/bursa3radom.pl\/wp-content\/uploads\/2016\/01\/1516_07_08-150x150.jpg\" class=\"attachment-thumbnail size-thumbnail\" alt=\"\" \/><\/a>\n\t\t\t<\/dt><\/dl><dl class='gallery-item'>\n\t\t\t<dt class='gallery-icon landscape'>\n\t\t\t\t<a href='https:\/\/bursa3radom.pl\/wp-content\/uploads\/2016\/01\/1516_07_09.jpg'><img loading=\"lazy\" decoding=\"async\" width=\"150\" height=\"150\" src=\"https:\/\/bursa3radom.pl\/wp-content\/uploads\/2016\/01\/1516_07_09-150x150.jpg\" class=\"attachment-thumbnail size-thumbnail\" alt=\"\" aria-describedby=\"gallery-1-1256\" \/><\/a>\n\t\t\t<\/dt>\n\t\t\t\t<dd class='wp-caption-text gallery-caption' id='gallery-1-1256'>\n\t\t\t\tWieczornica z okazji \u015awi\u0119ta Odzyskania Niepodleg\u0142o\u015bci\n\t\t\t\t<\/dd><\/dl><br style=\"clear: both\" \/>\n\t\t<\/div>\n\n<p><a title=\"rok szkolny 2015\/2016\" href=\"http:\/\/bursa3radom.pl\/?page_id=1149\">Powr\u00f3t<\/a><\/p>\n","protected":false},"excerpt":{"rendered":"<p>Powr\u00f3t 97. rocznic\u0119 tego zdarzenia historycznego upami\u0119tni\u0142 monta\u017c s\u0142owno-muzyczny przygotowany przez grup\u0119 V z udzia\u0142em ch\u0119tnych wychowank\u00f3w. Przy akompaniamencie pianina, w udekorowanej w barwy narodowe sali, \u015bpiewano wsp\u00f3lnie pie\u015bni patriotyczne. Powr\u00f3t<\/p>\n","protected":false},"author":1,"featured_media":0,"parent":1149,"menu_order":0,"comment_status":"closed","ping_status":"open","template":"","meta":{"footnotes":""},"class_list":["post-1247","page","type-page","status-publish","hentry"],"_links":{"self":[{"href":"https:\/\/bursa3radom.pl\/index.php?rest_route=\/wp\/v2\/pages\/1247","targetHints":{"allow":["GET"]}}],"collection":[{"href":"https:\/\/bursa3radom.pl\/index.php?rest_route=\/wp\/v2\/pages"}],"about":[{"href":"https:\/\/bursa3radom.pl\/index.php?rest_route=\/wp\/v2\/types\/page"}],"author":[{"embeddable":true,"href":"https:\/\/bursa3radom.pl\/index.php?rest_route=\/wp\/v2\/users\/1"}],"replies":[{"embeddable":true,"href":"https:\/\/bursa3radom.pl\/index.php?rest_route=%2Fwp%2Fv2%2Fcomments&post=1247"}],"version-history":[{"count":1,"href":"https:\/\/bursa3radom.pl\/index.php?rest_route=\/wp\/v2\/pages\/1247\/revisions"}],"predecessor-version":[{"id":1257,"href":"https:\/\/bursa3radom.pl\/index.php?rest_route=\/wp\/v2\/pages\/1247\/revisions\/1257"}],"up":[{"embeddable":true,"href":"https:\/\/bursa3radom.pl\/index.php?rest_route=\/wp\/v2\/pages\/1149"}],"wp:attachment":[{"href":"https:\/\/bursa3radom.pl\/index.php?rest_route=%2Fwp%2Fv2%2Fmedia&parent=1247"}],"curies":[{"name":"wp","href":"https:\/\/api.w.org\/{rel}","templated":true}]}}